{"id":5832,"date":"2023-06-27T10:40:21","date_gmt":"2023-06-27T09:40:21","guid":{"rendered":"https:\/\/www.piveteaubois.com\/?page_id=5832"},"modified":"2025-03-17T17:23:57","modified_gmt":"2025-03-17T16:23:57","slug":"fdes-et-donnees-environnementales","status":"publish","type":"page","link":"https:\/\/www.piveteaubois.com\/fr\/nos-produits\/fdes-et-donnees-environnementales","title":{"rendered":"D\u00e9fis RE2020 : Le bois, levier pour une construction d\u00e9carbon\u00e9e"},"content":{"rendered":"\n<p>Face aux d\u00e9fis environnementaux et aux exigences des seuils RE2020, <strong>un mat\u00e9riau biosourc\u00e9 tel que le bois<\/strong> est incontournable pour <strong>r\u00e9duire l&#8217;empreinte carbone des b\u00e2timents<\/strong>. Lorsque ce bois est local, il ajoute un avantage suppl\u00e9mentaire en favorisant les circuits courts et en soutenant une \u00e9conomie durable, faisant du <strong>bois local une solution d&rsquo;avenir<\/strong> pour les constructions de demain.<\/p>\n\n\n\n<p><\/p>\n\n\n\n<div>\n    <label style=\"font-size:12px;padding-bottom:15px;\">Pour acc\u00e9der directement au sous-paragraphe, cliquez sur les liens suivants :<\/label>\n    <ul style=\"list-style: none; padding: 0; margin: 0;padding-top: 10px;\">\n        <li style=\"padding-left:10px;\"><a href=\"#section1\" style=\"text-decoration: none;transition: color 0.3s ease, text-decoration 0.3s ease;\" onmouseover=\"this.style.color='#769f67'; this.style.textDecoration='underline';\" onmouseout=\"this.style.color='#737373'; this.style.textDecoration='none';\">\u2192 Qu\u2019est-ce que la RE2020 et le seuil 2025  ?<\/a><\/li>\n        <li style=\"padding-left:10px;\"><a href=\"#section2\" style=\"text-decoration: none;transition: color 0.3s ease, text-decoration 0.3s ease;\" onmouseover=\"this.style.color='#769f67'; this.style.textDecoration='underline';\" onmouseout=\"this.style.color='#737373'; this.style.textDecoration='none';\">\u2192 Pourquoi le bois est-il un levier cl\u00e9 pour d\u00e9carboner la construction ?<\/a><\/li>\n        <li style=\"padding-left:10px;\"><a href=\"#section3\" style=\"text-decoration: none;transition: color 0.3s ease, text-decoration 0.3s ease;\" onmouseover=\"this.style.color='#769f67'; this.style.textDecoration='underline';\" onmouseout=\"this.style.color='#737373'; this.style.textDecoration='none';\">\u2192 Qu\u2019est-ce qu\u2019une FDES ?<\/a><\/li>\n       <li style=\"padding-left:10px;\"><a href=\"#section4\" style=\"text-decoration: none;transition: color 0.3s ease, text-decoration 0.3s ease;\" onmouseover=\"this.style.color='#769f67'; this.style.textDecoration='underline';\" onmouseout=\"this.style.color='#737373'; this.style.textDecoration='none';\">\u2192 Quels indicateurs environnementaux des FDES prendre en compte pour les labels des b\u00e2timents et la RE2020 ?<\/a><\/li>\n <li style=\"padding-left:10px;\"><a href=\"#section5\" style=\"text-decoration: none;transition: color 0.3s ease, text-decoration 0.3s ease;\" onmouseover=\"this.style.color='#769f67'; this.style.textDecoration='underline';\" onmouseout=\"this.style.color='#737373'; this.style.textDecoration='none';\">\u2192 Impacts environnementaux chiffr\u00e9s<\/a><\/li>\n       <li style=\"padding-left:10px;\"><a href=\"#section6\" style=\"text-decoration: none;transition: color 0.3s ease, text-decoration 0.3s ease;\" onmouseover=\"this.style.color='#769f67'; this.style.textDecoration='underline';\" onmouseout=\"this.style.color='#737373'; this.style.textDecoration='none';\">\u2192 Comment s\u00e9lectionner la FDES appropri\u00e9e aux solutions Piveteaubois ?<\/a><\/li>\n       <li style=\"padding-left:10px;\"><a href=\"#section7\" style=\"text-decoration: none;transition: color 0.3s ease, text-decoration 0.3s ease;\" onmouseover=\"this.style.color='#769f67'; this.style.textDecoration='underline';\" onmouseout=\"this.style.color='#737373'; this.style.textDecoration='none';\">\u2192 Bilan : 4 Conseils \u200b pour d\u00e9carboner la construction et atteindre les seuils d\u2019Ic construction RE2020.<\/a><\/li>\n          <\/ul>\n<\/div>\n\n\n\n<p><\/p>\n\n\n\n<hr class=\"wp-block-separator has-text-color has-background is-style-wide\" style=\"background-color:#737373;color:#737373\"\/>\n\n\n\n<section id=\"section1\" style=\"padding-bottom:30px\"><\/section>\n\n\n\n<h2> <strong>Qu\u2019est-ce que la RE2020 et le seuil 2025&nbsp;&nbsp;?<\/strong> <\/h2>\n\n\n\n<p><\/p>\n\n\n\n<p>La <strong>RE2020<\/strong>, premi\u00e8re r\u00e9glementation \u00e9nerg\u00e9tique et environnementale, est en vigueur depuis le 1<sup>er<\/sup> janvier 2022. Elle a progressivement remplac\u00e9 la RT2012 et s&rsquo;impose d\u00e9sormais comme un cadre bien \u00e9tabli dans la construction neuve. <\/p>\n\n\n\n<p>Contrairement aux anciens labels environnementaux facultatifs, la <strong>RE2020 fixe des seuils stricts pour limiter l&#8217;empreinte carbone des b\u00e2timents<\/strong>, notamment \u00e0 travers 6 exigences qui concernent l\u2019\u00e9nergie, le carbone et le confort d\u2019\u00e9t\u00e9. Parmi les exigences d\u2019impact carbone, <strong>le seuil Ic <kbd>construction<\/kbd> fixe des plafonds progressifs pour les \u00e9missions de CO\u2082 li\u00e9es aux mat\u00e9riaux et aux processus de construction<\/strong>. L\u2019Ic <sub>construction <\/sub>est calcul\u00e9 en r\u00e9alisant l\u2019Analyse de Cycle de Vie du b\u00e2timent (ACV), \u00e0 partir des donn\u00e9es environnementales fournies par les FDES des composants du b\u00e2timent.<\/p>\n\n\n\n<p><\/p>\n\n\n\n<a href=\"\/wp-content\/uploads\/2024\/12\/6-exigences-re-2020-energie-carbone-confort-ete-piveteaubois.png\"><img loading=\"lazy\" src=\"\/wp-content\/uploads\/2024\/12\/6-exigences-re-2020-energie-carbone-confort-ete-piveteaubois.png\" alt=\"Les 6 exigences de la RE2020 concernant l\u2019\u00e9nergie, le carbone et le confort d\u2019\u00e9t\u00e9\" class=\"wp-image-8127\" width=\"540\" height=\"100%\"><\/a>\n\n\n\n<a href=\"\/wp-content\/uploads\/2024\/12\/evolution-seuils-re2020-ic-construction-2031-piveteaubois.png\"><img loading=\"lazy\" src=\"\/wp-content\/uploads\/2024\/12\/evolution-seuils-re2020-ic-construction-2031-piveteaubois.png\" alt=\"L\u2019\u00e9volution des seuils de l\u2019IC Construction de la RE2020 jusqu\u2019en 2031\" class=\"wp-image-8127\" width=\"540\" height=\"100%\"><\/a>\n\n\n\n<p><\/p>\n\n\n\n<p>\u00c0 partir du 1er janv 2025 tous les nouveaux permis de construire doivent atteindre le seuil 2025 de l&rsquo;IC construction qui am\u00e9liore encore l&rsquo;impact carbone du b\u00e2timent, poussant les acteurs de la construction \u00e0 r\u00e9duire l\u2019utilisation des mat\u00e9riaux fortement carbon\u00e9s. L\u2019utilisation de mat\u00e9riaux biosourc\u00e9s, tels que le bois, devient ainsi non seulement un choix responsable, mais aussi un levier incontournable pour r\u00e9pondre aux objectifs de cette r\u00e9glementation.<br>Le lot structure repr\u00e9sente pr\u00e8s de 30% de l&rsquo;impact carbone des b\u00e2timents et les concepteurs des nouveaux projets int\u00e8grent une part de bois de plus en plus importante dans ces lots: FOB, attiques, plancher et support d&rsquo;\u00e9tanch\u00e9it\u00e9 en CLT, murs de refend, syst\u00e8me poteaux-poutres\u2026<\/p>\n\n\n\n<p><\/p>\n\n\n\n<p><strong>D\u2019ici 2031, l\u2019Ic <sub>construction<\/sub> devra \u00eatre r\u00e9duit de -34% \u00e0 -39% par rapport au seuil 2022<\/strong>, selon le type de b\u00e2timent. Ce palier obligera les professionnels \u00e0 innover et \u00e0 adopter des solutions encore plus performantes pour aligner leurs projets sur les objectifs de d\u00e9carbonation de la construction, un enjeu crucial pour l&rsquo;avenir du b\u00e2timent. Il devient n\u00e9cessaire de commencer d\u00e8s aujourd\u2019hui \u00e0 r\u00e9fl\u00e9chir aux modes de construction de demain pour atteindre ces seuils.<strong><\/strong><\/p>\n\n\n\n<p><\/p>\n\n\n\n<hr class=\"wp-block-separator has-text-color has-background is-style-wide\" style=\"background-color:#737373;color:#737373\"\/>\n\n\n\n<section id=\"section2\" style=\"padding-bottom:30px\"><\/section>\n\n\n\n<h2><strong>Pourquoi le bois est-il un levier cl\u00e9 pour d\u00e9carboner la construction ?<\/strong><\/h2>\n\n\n\n<p><\/p>\n\n\n\n<p><strong>Le bois est un mat\u00e9riau biosourc\u00e9<\/strong> qui stocke durablement le carbone pr\u00e9sent dans l\u2019atmosph\u00e8re lors de sa croissance gr\u00e2ce \u00e0 la photosynth\u00e8se.<\/p>\n\n\n\n<p>La <strong>photosynth\u00e8se<\/strong> est le processus par lequel les arbres grandissent, en utilisant la lumi\u00e8re du soleil, l&rsquo;eau et le CO\u2082 pr\u00e9sent dans l\u2019atmosph\u00e8re pour produire du glucose, leur nourriture, tout en stockant le carbone dans leur biomasse et en lib\u00e9rant de l&rsquo;oxyg\u00e8ne.<\/p>\n\n\n\n<p>Le carbone stock\u00e9 lors de la croissance des arbres le reste durablement m\u00eame une fois coup\u00e9 pendant toute la vie du b\u00e2timent pour les produits de structure ou de l\u2019ouvrage pour les produits d\u2019am\u00e9nagement ext\u00e9rieur<strong>. Ainsi, 1m3 de bois sur pied emmagasine l\u2019\u00e9quivalent d\u20191 tonne de CO\u2082 <\/strong>&nbsp;!<\/p>\n\n\n\n<p><\/p>\n\n\n\n<a href=\"\/wp-content\/uploads\/2024\/12\/schema-photosynthese-carbone-stocke-piveteaubois-2.png\"><img loading=\"lazy\" src=\"\/wp-content\/uploads\/2024\/12\/schema-photosynthese-carbone-stocke-piveteaubois-2.png\" alt=\"Sch\u00e9ma de la photosynth\u00e8se\" class=\"wp-image-8127\" width=\"540\" height=\"100%\"><\/a>\n\n\n\n<img loading=\"lazy\" src=\"\/wp-content\/uploads\/2024\/12\/co2-carbone-stocke-arbre-piveteaubois.png\" alt=\"La for\u00eat stocke du carbone CO\u2082\" class=\"wp-image-8127\" width=\"540\" height=\"100%\">\n\n\n\n<p><strong>Pour atteindre les seuils l\u2019Ic Construction, l\u2019augmentation de la part du bois dans la construction est donc un levier majeur.<\/strong><\/p>\n\n\n\n<p><\/p>\n\n\n\n<hr class=\"wp-block-separator has-text-color has-background is-style-wide\" style=\"background-color:#737373;color:#737373\"\/>\n\n\n\n<section id=\"section3\" style=\"padding-bottom:30px\"><\/section>\n\n\n\n<h2><strong>Qu\u2019est-ce qu\u2019une FDES&nbsp;?&nbsp;<\/strong> <\/h2>\n\n\n\n<p><\/p>\n\n\n\n<p>Une fiche <strong>FDES<\/strong> est une <strong>F<\/strong>iche de <strong>D<\/strong>\u00e9claration <strong>E<\/strong>nvironnementale et <strong>S<\/strong>anitaire. <br>C\u2019est un document normalis\u00e9 qui synth\u00e9tise l\u2019impact environnemental et sanitaire d\u2019un produit de construction.<\/p>\n\n\n\n<p>Les FDES servent \u00e0 analyser les impacts sur l&rsquo;environnement et la sant\u00e9, tout en aidant \u00e0 choisir entre diff\u00e9rentes options constructives. Elles sont particuli\u00e8rement exploit\u00e9es dans le cadre de la RE2020 pour l&rsquo;ACV des b\u00e2timents, afin de d\u00e9terminer l&rsquo;Ic construction, qui correspond \u00e0 l&rsquo;indice carbone de la construction.<\/p>\n\n\n\n<p>Toutes les FDES sont accessibles via la base de donn\u00e9es nationale unique inies.fr  <img class=\"wp-image-8582\" style=\"width: 50px;\" src=\"\/wp-content\/uploads\/2024\/12\/logo-inies-1.png\" alt=\"\"> <\/p>\n\n\n\n<p><\/p>\n\n\n\n<p><strong>Il existe 3 types de FDES :<\/strong> <a href=\"#\"><br><\/a><strong>FDES individuelle<\/strong> : produite par un fabricant pour un produit.<br><strong>FDES collective<\/strong> : produite par les organismes de chaque fili\u00e8re pour une famille de produit (exemple : bardage en bois fran\u00e7ais)<br><strong>DED<\/strong> : Donn\u00e9e Environnementale par D\u00e9faut, utilis\u00e9e lorsqu\u2019il n&rsquo;existe pas de FDES pour le produit \u00e9tudi\u00e9. Elles sont g\u00e9n\u00e9r\u00e9es par le Minist\u00e8re de la transition \u00e9cologique.<\/p>\n\n\n\n<p><\/p>\n\n\n\n<hr class=\"wp-block-separator has-text-color has-background is-style-wide\" style=\"background-color:#737373;color:#737373\"\/>\n\n\n\n<section id=\"section4\" style=\"padding-bottom:30px\"><\/section>\n\n\n\n<h2><strong>Quels indicateurs environnementaux des FDES prendre en compte pour les labels des b\u00e2timents et la RE2020&nbsp;?<\/strong><\/h2>\n\n\n\n<p><\/p>\n\n\n\n<h3><strong>Le carbone biog\u00e9nique stock\u00e9&nbsp;: pour les labels des b\u00e2timents<\/strong><\/h3>\n\n\n\n<p><\/p>\n\n\n\n<p><strong>Que repr\u00e9sente le carbone biog\u00e9nique stock\u00e9 ?<\/strong><br>Cet indicateur fait r\u00e9f\u00e9rence au <strong>carbone captur\u00e9 et stock\u00e9 par les mat\u00e9riaux biosourc\u00e9s<\/strong>, comme le bois, au cours de leur croissance. Il est exprim\u00e9 en kilogrammes de Carbone ou de CO\u2082 par unit\u00e9 fonctionnelle (kg C \/ UF ou kg CO\u2082 \/ UF). UF peut \u00eatre m\u00b2, m\u00b3, etc.<\/p>\n\n\n\n<p><\/p>\n\n\n\n<p><strong>O\u00f9 trouver cet indicateur ?<\/strong><br>Il se trouve sur la base inies.fr en allant sur une FDES puis dans l\u2019onglet <em>Indicateurs &gt; Stockage de carbone biog\u00e9nique<\/em>.<\/p>\n\n\n\n<p><\/p>\n\n\n\n<p><strong>\u00c0 quoi sert l\u2019indicateur \u00ab carbone biog\u00e9nique stock\u00e9 \u00bb<\/strong><br>En stockant du carbone dans des mat\u00e9riaux durables tels que des mat\u00e9riaux de construction, une partie des \u00e9missions g\u00e9n\u00e9r\u00e9es par la fabrication et le transport d\u2019autres mat\u00e9riaux non-biosourc\u00e9s est compens\u00e9e. L\u2019indicateur de carbone biog\u00e9nique stock\u00e9 est essentiel pour r\u00e9pondre aux exigences des labels et \u00e0 la demande croissante de b\u00e2timents bas carbone. Il r\u00e9pond aux attentes de nombreux acteurs du secteur de la construction qui cherchent \u00e0 prouver et quantifier l\u2019aspect \u00e9cologique de leurs projets et \u00e0 promouvoir des mat\u00e9riaux locaux et respectueux de l\u2019environnement.<\/p>\n\n\n\n<p><\/p>\n\n\n\n<h3><strong><strong>L\u2019indice de r\u00e9chauffement climatique (ou indice de changement climatique)&nbsp;: pour le calcul d\u2019Ic construction de la RE2020<\/strong><\/strong><\/h3>\n\n\n\n<p><\/p>\n\n\n\n<p>Cet indicateur <strong>mesure l&rsquo;impact carbone des mat\u00e9riaux et se trouve dans les FDES<\/strong> sous forme statique. Il est exprim\u00e9 en kilogrammes \u00e9quivalents de CO\u2082 par unit\u00e9 fonctionnelle (kg eq. CO\u2082 \/ UF).<\/p>\n\n\n\n<p>Il est nomm\u00e9 \u00ab&nbsp;r\u00e9chauffement climatique&nbsp;\u00bb dans les FDES r\u00e9alis\u00e9es \u00e0 partir de la norme EN 15804 +A1 et \u00ab&nbsp;changement climatique&nbsp;\u00bb dans les FDES r\u00e9alis\u00e9es \u00e0 partir de la nouvelle version de la norme +A2. Il se trouve sur la base inies.fr en allant sur une FDES puis dans l\u2019onglet <em>Indicateurs &gt; Impacts environnementaux, <\/em>l\u2019indicateur \u00e0 regarder est celui du \u00ab&nbsp;Total cycle de vie&nbsp;\u00bb.<\/p>\n\n\n\n<p>Dans le cadre de la r\u00e9glementation environnementale RE2020, lors de l\u2019Analyse du Cycle de Vie (ACV) du b\u00e2timent, <strong>les logiciels de calcul convertissent automatiquement ces donn\u00e9es statiques en donn\u00e9es dynamiques<\/strong>. Cette conversion est cruciale car elle refl\u00e8te plus fid\u00e8lement l\u2019impact r\u00e9el des mat\u00e9riaux biosourc\u00e9s.<\/p>\n\n\n\n<p><strong>L&rsquo;ACV dynamique<\/strong> attribue un <strong>poids plus important aux \u00e9missions de gaz \u00e0 effet de serre produites en d\u00e9but de vie d&rsquo;un b\u00e2timent<\/strong>, car elles restent plus longtemps dans l&rsquo;atmosph\u00e8re. Cette m\u00e9thode refl\u00e8te l&rsquo;urgence de r\u00e9duire les \u00e9missions actuelles pour lutter contre le changement climatique. Elle prend aussi en compte les incertitudes li\u00e9es aux sc\u00e9narios de fin de vie des mat\u00e9riaux et la d\u00e9gradation des gaz \u00e0 effet de serre dans l&rsquo;atmosph\u00e8re.<\/p>\n\n\n\n<a href=\"\/wp-content\/uploads\/2024\/12\/conversion-impact-carbone-statique-dynamique-piveteaubois.png\"><img loading=\"lazy\" src=\"\/wp-content\/uploads\/2024\/12\/conversion-impact-carbone-statique-dynamique-piveteaubois.png\" alt=\"Conversion de l\u2019impact carbone statique vers l\u2019impact carbone dynamique lors de l\u2019ACV RE2020\" class=\"wp-image-8127\" width=\"540\" height=\"100%\"><\/a>\n\n\n\n<p><\/p>\n\n\n\n<h3><strong>Mat\u00e9riaux biosourc\u00e9s = impact carbone n\u00e9gatif&nbsp;!<\/strong><\/h3>\n\n\n\n<p><\/p>\n\n\n\n<p>Contrairement \u00e0 d&rsquo;autres mat\u00e9riaux de construction, les mat\u00e9riaux biosourc\u00e9s tels que le bois, stockent durablement le carbone tout au long de la vie du produit. En cons\u00e9quence,<strong> les donn\u00e9es dynamiques deviennent n\u00e9gatives pour les mat\u00e9riaux biosourc\u00e9s<\/strong>, signifiant que ces produits s\u00e9questrent davantage de carbone qu\u2019ils n\u2019en \u00e9mettent, contribuant ainsi activement \u00e0 la r\u00e9duction des \u00e9missions de gaz \u00e0 effet de serre sur toute la dur\u00e9e de vie du b\u00e2timent.<\/p>\n\n\n\n<p><\/p>\n\n\n\n<p><\/p>\n\n\n\n<hr class=\"wp-block-separator has-text-color has-background is-style-wide\" style=\"background-color:#737373;color:#737373\"\/>\n\n\n\n<section id=\"section5\" style=\"padding-bottom:30px\"><\/section>\n\n\n\n<h2>Impacts environnementaux chiffr\u00e9s<\/h2>\n\n\n\n<p><\/p>\n\n\n\n<p><strong>Les graphiques ci-dessous illustrent l&rsquo;impact r\u00e9el des produits tels qu&rsquo;\u00e9valu\u00e9s lors de l&rsquo;Analyse du Cycle de Vie (ACV) selon la r\u00e9glementation RE2020. Pour cela, <u>il est essentiel de consulter les indicateurs en dynamique.<\/u><\/strong><\/p>\n\n\n\n<p><\/p>\n\n\n\n<h3><strong>Comparaison de l\u2019impact carbone des mat\u00e9riaux : exemple des parements ext\u00e9rieurs<\/strong><\/h3>\n\n\n\n<p><\/p>\n\n\n\n<p>Choisir un rev\u00eatement en bois plut\u00f4t qu\u2019un autre mat\u00e9riau permet de r\u00e9duire consid\u00e9rablement l\u2019impact carbone et d\u2019obtenir un impact carbone n\u00e9gatif mettant en \u00e9vidence que le bois est un mat\u00e9riau d\u00e9carbon\u00e9 et d\u00e9carbonant et en fait un choix nettement plus favorable que d\u2019autres mat\u00e9riaux pour l\u2019environnement.<\/p>\n\n\n\n<p><\/p>\n\n\n\n<a href=\"\/wp-content\/uploads\/2024\/12\/comparaison-indice-rechauffement-climatique-bardage-fdes-inies-piveteaubois-01.png\"><img loading=\"lazy\" src=\"\/wp-content\/uploads\/2024\/12\/comparaison-indice-rechauffement-climatique-bardage-fdes-inies-piveteaubois-01.png\" alt=\"Comparaison des indices de r\u00e9chauffement climatique des solutions de bardage d\u2019apr\u00e8s les FDES\" class=\"wp-image-8127\" width=\"540\" height=\"100%\"><\/a>\n\n\n\n<p><\/p>\n\n\n\n<p><\/p>\n\n\n\n<h3><strong>Comparaison de l\u2019impact carbone \u00e0 l\u2019\u00e9chelle du syst\u00e8me constructif&nbsp;: bois-paille VS b\u00e9ton<\/strong><\/h3>\n\n\n\n<p><\/p>\n\n\n\n<p>Vizcab.io est une plateforme logicielle de la mesure et du pilotage carbone de la construction.<\/p>\n\n\n\n<div class=\"wp-block-columns are-vertically-aligned-center\">\n<div class=\"wp-block-column is-vertically-aligned-center\" style=\"flex-basis:60%\">\n<p class=\"has-text-align-left\">Des calculs d\u2019ACV RE2020 ont \u00e9t\u00e9 r\u00e9alis\u00e9s par <strong>Vizcab<\/strong> sur un logement collectif en R+2&nbsp;compos\u00e9 de 24 logements et d\u2019une attique et un parking de 30 places en sous-sol.<\/p>\n<\/div>\n\n\n\n<div class=\"wp-block-column is-vertically-aligned-center\" style=\"flex-basis:60%\">\n<div style=\"text-align:center\"><img loading=\"lazy\" src=\"\/wp-content\/uploads\/2024\/12\/logo-vizcab.png\" alt=\"Vizcab\" class=\"wp-image-5031\" width=\"200\" height=\"auto\" title=\"Vizcab\"><\/div>\n<\/div>\n<\/div>\n\n\n\n<p><\/p>\n\n\n\n<p>\u00c0 l\u2019\u00e9chelle du syst\u00e8me constructif,<strong> tous<\/strong> <strong>les syst\u00e8mes en bois-paille s\u00e9questrent plus de carbone qu&rsquo;ils n&rsquo;en \u00e9mettent, contrairement au syst\u00e8me en b\u00e9ton avec ITE.<\/strong> Opter pour une solution bois-paille par rapport au b\u00e9ton avec ITE permet <strong>de r\u00e9duire l&rsquo;impact carbone du lot 6 fa\u00e7ade de -30 \u00e0 -35 %.<\/strong><\/p>\n\n\n\n<p><\/p>\n\n\n\n<a href=\"\/wp-content\/uploads\/2024\/12\/resultat-calcul-dynamique-re2020-facade-piveteaubois.png\"><img loading=\"lazy\" src=\"\/wp-content\/uploads\/2024\/12\/resultat-calcul-dynamique-re2020-facade-piveteaubois.png\" alt=\"R\u00e9sultat de calcul Dynamique RE2020 sur 1m\u00b2 de fa\u00e7ade\" class=\"wp-image-8127\" width=\"540\" height=\"100%\"><\/a>\n\n\n\n<p><strong>La performance environnementale d\u2019un produit permet d\u2019optimiser celle des syst\u00e8mes constructifs pour atteindre les seuils d\u2019Ic <sub>construction <\/sub>du b\u00e2timent<\/strong>. D\u00e9couvrez <strong>3 syst\u00e8mes de murs et fa\u00e7ades biosourc\u00e9s et d\u00e9carbon\u00e9s\u200b en consultant notre <u><a href=\"https:\/\/www.calameo.com\/read\/005155795a7279512f3ad?authid=IcfKYl6QLtcJ\" target=\"_blank\" rel=\"noreferrer noopener\">guide de conception<\/a>.<\/u><\/strong><\/p>\n\n\n\n<p><\/p>\n\n\n\n<h3><strong>Comparaison de l\u2019impact carbone \u00e0 l\u2019\u00e9chelle du b\u00e2timent : bois-paille VS b\u00e9ton<\/strong><\/h3>\n\n\n\n<p><\/p>\n\n\n\n<p>\u00c0 l\u2019\u00e9chelle du b\u00e2timent, <strong>opter pour une solution bois-paille par rapport au b\u00e9ton avec ITE permet de gagner -10% \u00e0 -12% sur l\u2019ACV globale de la construction.<\/strong> Les Ic <sub>construction<\/sub> obtenus sont tous conformes au seuil 2022. La solution avec b\u00e9ton ITE ne passe pas le seuil 2025 tel quel et d\u2019autres am\u00e9liorations devront \u00eatre apport\u00e9es pour atteindre les seuils 2028 et 2031 peu importe le mode constructif.<\/p>\n\n\n\n<p><\/p>\n\n\n\n<a href=\"\/wp-content\/uploads\/2024\/12\/evolution-ic-construction-des-facades-suivant-seuil-2022-2025-2028-2031-piveteaubois.png\"><img src=\/wp-content\/uploads\/2024\/12\/evolution-ic-construction-des-facades-suivant-seuil-2022-2025-2028-2031-piveteaubois.png\" alt=\"\u00c9volution de l\u2019IC Construction des fa\u00e7ades de b\u00e2timent et les diff\u00e9rents seuils jusqu\u2019\u00e0 2031\" class=\"wp-image-8127\" width=\"540\" height=\"100%\"\/><\/a>\n\n\n\n<p><\/p>\n\n\n\n<h3><strong>Focus sur le CLT<\/strong><\/h3>\n\n\n\n<div class=\"wp-block-columns are-vertically-aligned-center\">\n<div class=\"wp-block-column is-vertically-aligned-center\" style=\"flex-basis:60%\">\n<p><\/p>\n\n\n\n<p><a href=\"\/fr\/nos-produits\/clt-bois-cross-laminated-timber-sur-mesure-hexapli\"><\/a><a href=\"https:\/\/www.piveteaubois.com\/fr\/nos-produits\/clt-bois-cross-laminated-timber-sur-mesure-hexapli\">Le CLT Hexapli de Piveteaubois<\/a>&nbsp;mis en oeuvre dans un b\u00e2timent soumis \u00e0 la RE2020 poss\u00e8de l\u2019impact carbone dynamique le plus bas du march\u00e9, principalement en raison de l\u2019utilisation du Pin, un bois \u00e0 forte densit\u00e9 qui augmente la capacit\u00e9 de stockage du carbone. Sa fabrication en France \u00e0 partir de bois locaux issus de for\u00eats fran\u00e7aises permet \u00e9galement de justifier son impact carbone exceptionnel.<\/p>\n<\/div>\n\n\n\n<div class=\"wp-block-column is-vertically-aligned-center\" style=\"flex-basis:25%\">\n<div style=\"text-align:center\"><a href=\"\/wp-content\/uploads\/2025\/02\/ic-statique-dynamique-clt-hexapli-piveteaubois-02.png\"><img loading=\"lazy\" src=\"\/wp-content\/uploads\/2025\/02\/ic-statique-dynamique-clt-hexapli-piveteaubois-02.png\" alt=\"Ic dynamique le plus bas du march\u00e9 sur le CLT Hexapli de Piveteaubois\" class=\"wp-image-5031\" width=\"100\" height=\"auto\" title=\"Ic dynamique le plus bas du march\u00e9 sur le CLT Hexapli de Piveteaubois\"><\/a><\/div>\n<\/div>\n<\/div>\n\n\n\n<p>Tous les r\u00e9sultats sont \u00e0 retrouver sur sa FDES (Fiche de D\u00e9claration Environnementale et Sanitaire) disponible sur inies.fr et sur <a href=\"https:\/\/www.calameo.com\/read\/0051557951518eab10a2e?authid=ppfJfCEwd9V3\">notre guide FDES<\/a>.<\/p>\n\n\n\n<h3><strong>Focus sur le lamell\u00e9-coll\u00e9<\/strong><\/h3>\n\n\n\n<p><\/p>\n\n\n\n<p>Pour les bois lamell\u00e9s-coll\u00e9s, Piveteaubois se r\u00e9f\u00e8re \u00e0 la FDES \u00e9tablie par la F\u00e9d\u00e9ration Nationale du Bois (FNB). \u00c0 l\u2019inverse, les fabricants non fran\u00e7ais sans FDES individuelle doivent recourir \u00e0 des donn\u00e9es environnementales par d\u00e9faut (DED), souvent moins avantageuses. De plus, opter pour du bois fran\u00e7ais par rapport \u00e0 du bois europ\u00e9en permet de diminuer de -28% l&rsquo;impact carbone des lamell\u00e9s-coll\u00e9s.<\/p>\n\n\n\n<p><\/p>\n\n\n\n<a href=\"\/wp-content\/uploads\/2024\/12\/comparaison-indices-rechauffement-climatique-bois-lamelles-colles-fdes-inies-piveteaubois.png\"><img src=\/wp-content\/uploads\/2024\/12\/comparaison-indices-rechauffement-climatique-bois-lamelles-colles-fdes-inies-piveteaubois.png\" alt=\"Comparaison des indices de r\u00e9chauffement climatique des bois lamell\u00e9s-coll\u00e9s d\u2019apr\u00e8s les FDES sur Inies\" class=\"wp-image-8127\" width=\"540\" height=\"100%\"\/><\/a>\n\n\n\n<p><\/p>\n\n\n\n<hr class=\"wp-block-separator has-text-color has-background is-style-wide\" style=\"background-color:#737373;color:#737373\"\/>\n\n\n\n<section id=\"section6\" style=\"padding-bottom:30px\"><\/section>\n\n\n\n<h2><strong>Comment s\u00e9lectionner la FDES appropri\u00e9e aux solutions Piveteaubois ?<\/strong> <\/h2>\n\n\n\n<p><\/p>\n\n\n\n<p>Pour une m\u00eame typologie de produit, plusieurs FDES sont applicables. L\u2019optimisation du choix des produits de construction et de leurs donn\u00e9es environnementales peut \u00eatre d\u00e9cisive dans l\u2019atteinte de la performance de l\u2019Ic <sub>construction<\/sub>.<\/p>\n\n\n\n<p>Nous vous aidons \u00e0 retrouver la meilleure FDES sur la base gouvernementale inies.fr gr\u00e2ce au guide interactif PIVETEAUBOIS, disponible en <a href=\"https:\/\/www.calameo.com\/read\/0051557951518eab10a2e?authid=ppfJfCEwd9V3\" target=\"_blank\" rel=\"noreferrer noopener\">cliquant ici<\/a>.<\/p>\n\n\n\n<p><\/p>\n\n\n\n<hr class=\"wp-block-separator has-text-color has-background is-style-wide\" style=\"background-color:#737373;color:#737373\"\/>\n\n\n\n<section id=\"section7\" style=\"padding-bottom:30px\"><\/section>\n\n\n\n<h2><strong>BILAN&nbsp;: 4 CONSEILS <\/strong>\u200b<strong> pour d\u00e9carboner la construction et atteindre les seuils d&rsquo;Ic construction RE2020<\/strong>. <\/h2>\n\n\n\n<p><\/p>\n\n\n\n<p><span class=\"has-inline-color has-black-color\">\u2460 .<\/span> <strong>Utiliser d\u00e8s que possible des mat\u00e9riaux biosourc\u00e9s comme le bois et des syst\u00e8mes constructifs biosourc\u00e9s comme la solution bois-paille<\/strong><br><span class=\"has-inline-color has-black-color\">\u2461 .<\/span> Prioriser l\u2019utilisation de <strong>bois fran\u00e7ais<\/strong> <br><span class=\"has-inline-color has-black-color\">\u2462 .<\/span><span class=\"has-inline-color has-luminous-vivid-orange-color\"> <\/span> <strong>Comparer les solutions <\/strong>en regardant les <strong>indicateurs dynamiques<\/strong> <br><span class=\"has-inline-color has-black-color\">\u2463 .<\/span> <strong>Choisir la bonne FDES <\/strong>: s\u2019appuyer sur le guide Piveteaubois <\/p>\n\n\n\n<p><\/p>\n\n\n\n<p><\/p>\n","protected":false},"excerpt":{"rendered":"<p>D\u00e9couvrez comment le bois, mat\u00e9riau biosourc\u00e9 et local, devient un levier incontournable pour r\u00e9pondre aux exigences de la RE2020 et d\u00e9carboner la construction.<\/p>\n","protected":false},"author":2,"featured_media":6674,"parent":315,"menu_order":2,"comment_status":"closed","ping_status":"closed","template":"","meta":[],"acf":[],"yoast_head":"<!-- This site is optimized with the Yoast SEO plugin v18.4.1 - https:\/\/yoast.com\/wordpress\/plugins\/seo\/ -->\n<title>RE2020 : Le bois, cl\u00e9 d\u2019une construction bas carbone<\/title>\n<meta name=\"description\" content=\"D\u00e9couvrez comment le bois, mat\u00e9riau biosourc\u00e9 et local, devient un levier incontournable pour r\u00e9pondre aux exigences de la RE2020 et d\u00e9carboner la construction.\" \/>\n<meta name=\"robots\" content=\"index, follow, max-snippet:-1, max-image-preview:large, max-video-preview:-1\" \/>\n<link rel=\"canonical\" href=\"https:\/\/www.piveteaubois.com\/fr\/nos-produits\/fdes-et-donnees-environnementales\" \/>\n<meta property=\"og:locale\" content=\"fr_FR\" \/>\n<meta property=\"og:type\" content=\"article\" \/>\n<meta property=\"og:title\" content=\"RE2020 : Le bois, cl\u00e9 d\u2019une construction bas carbone\" \/>\n<meta property=\"og:description\" content=\"D\u00e9couvrez comment le bois, mat\u00e9riau biosourc\u00e9 et local, devient un levier incontournable pour r\u00e9pondre aux exigences de la RE2020 et d\u00e9carboner la construction.\" \/>\n<meta property=\"og:url\" content=\"https:\/\/www.piveteaubois.com\/fr\/nos-produits\/fdes-et-donnees-environnementales\" \/>\n<meta property=\"og:site_name\" content=\"PiveteauBois\" \/>\n<meta property=\"article:modified_time\" content=\"2025-03-17T16:23:57+00:00\" \/>\n<meta property=\"og:image\" content=\"https:\/\/www.piveteaubois.com\/wp-content\/uploads\/2025\/01\/defis-re2020-le-bois-pour-une-construction-decarbonee.jpg\" \/>\n\t<meta property=\"og:image:width\" content=\"524\" \/>\n\t<meta property=\"og:image:height\" content=\"1109\" \/>\n\t<meta property=\"og:image:type\" content=\"image\/jpeg\" \/>\n<meta name=\"twitter:card\" content=\"summary\" \/>\n<meta name=\"twitter:label1\" content=\"Dur\u00e9e de lecture estim\u00e9e\" \/>\n\t<meta name=\"twitter:data1\" content=\"12 minutes\" \/>\n<script type=\"application\/ld+json\" class=\"yoast-schema-graph\">{\"@context\":\"https:\/\/schema.org\",\"@graph\":[{\"@type\":\"WebSite\",\"@id\":\"https:\/\/www.piveteaubois.com\/fr\/#website\",\"url\":\"https:\/\/www.piveteaubois.com\/fr\/\",\"name\":\"PiveteauBois\",\"description\":\"Piveteaubois sp\u00e9cialiste du bois depuis plus de 75 ans\",\"potentialAction\":[{\"@type\":\"SearchAction\",\"target\":{\"@type\":\"EntryPoint\",\"urlTemplate\":\"https:\/\/www.piveteaubois.com\/fr\/?s={search_term_string}\"},\"query-input\":\"required name=search_term_string\"}],\"inLanguage\":\"fr-FR\"},{\"@type\":\"ImageObject\",\"@id\":\"https:\/\/www.piveteaubois.com\/fr\/nos-produits\/fdes-et-donnees-environnementales#primaryimage\",\"inLanguage\":\"fr-FR\",\"url\":\"https:\/\/www.piveteaubois.com\/wp-content\/uploads\/2025\/01\/defis-re2020-le-bois-pour-une-construction-decarbonee.jpg\",\"contentUrl\":\"https:\/\/www.piveteaubois.com\/wp-content\/uploads\/2025\/01\/defis-re2020-le-bois-pour-une-construction-decarbonee.jpg\",\"width\":524,\"height\":1109},{\"@type\":\"WebPage\",\"@id\":\"https:\/\/www.piveteaubois.com\/fr\/nos-produits\/fdes-et-donnees-environnementales#webpage\",\"url\":\"https:\/\/www.piveteaubois.com\/fr\/nos-produits\/fdes-et-donnees-environnementales\",\"name\":\"RE2020 : Le bois, cl\u00e9 d\u2019une construction bas carbone\",\"isPartOf\":{\"@id\":\"https:\/\/www.piveteaubois.com\/fr\/#website\"},\"primaryImageOfPage\":{\"@id\":\"https:\/\/www.piveteaubois.com\/fr\/nos-produits\/fdes-et-donnees-environnementales#primaryimage\"},\"datePublished\":\"2023-06-27T09:40:21+00:00\",\"dateModified\":\"2025-03-17T16:23:57+00:00\",\"description\":\"D\u00e9couvrez comment le bois, mat\u00e9riau biosourc\u00e9 et local, devient un levier incontournable pour r\u00e9pondre aux exigences de la RE2020 et d\u00e9carboner la construction.\",\"breadcrumb\":{\"@id\":\"https:\/\/www.piveteaubois.com\/fr\/nos-produits\/fdes-et-donnees-environnementales#breadcrumb\"},\"inLanguage\":\"fr-FR\",\"potentialAction\":[{\"@type\":\"ReadAction\",\"target\":[\"https:\/\/www.piveteaubois.com\/fr\/nos-produits\/fdes-et-donnees-environnementales\"]}]},{\"@type\":\"BreadcrumbList\",\"@id\":\"https:\/\/www.piveteaubois.com\/fr\/nos-produits\/fdes-et-donnees-environnementales#breadcrumb\",\"itemListElement\":[{\"@type\":\"ListItem\",\"position\":1,\"name\":\"Accueil\",\"item\":\"https:\/\/www.piveteaubois.com\/fr\"},{\"@type\":\"ListItem\",\"position\":2,\"name\":\"Nos produits\",\"item\":\"https:\/\/www.piveteaubois.com\/fr\/nos-produits\"},{\"@type\":\"ListItem\",\"position\":3,\"name\":\"D\u00e9fis RE2020 : Le bois, levier pour une construction d\u00e9carbon\u00e9e\"}]}]}<\/script>\n<!-- \/ Yoast SEO plugin. -->","yoast_head_json":{"title":"RE2020 : Le bois, cl\u00e9 d\u2019une construction bas carbone","description":"D\u00e9couvrez comment le bois, mat\u00e9riau biosourc\u00e9 et local, devient un levier incontournable pour r\u00e9pondre aux exigences de la RE2020 et d\u00e9carboner la construction.","robots":{"index":"index","follow":"follow","max-snippet":"max-snippet:-1","max-image-preview":"max-image-preview:large","max-video-preview":"max-video-preview:-1"},"canonical":"https:\/\/www.piveteaubois.com\/fr\/nos-produits\/fdes-et-donnees-environnementales","og_locale":"fr_FR","og_type":"article","og_title":"RE2020 : Le bois, cl\u00e9 d\u2019une construction bas carbone","og_description":"D\u00e9couvrez comment le bois, mat\u00e9riau biosourc\u00e9 et local, devient un levier incontournable pour r\u00e9pondre aux exigences de la RE2020 et d\u00e9carboner la construction.","og_url":"https:\/\/www.piveteaubois.com\/fr\/nos-produits\/fdes-et-donnees-environnementales","og_site_name":"PiveteauBois","article_modified_time":"2025-03-17T16:23:57+00:00","og_image":[{"width":524,"height":1109,"url":"https:\/\/www.piveteaubois.com\/wp-content\/uploads\/2025\/01\/defis-re2020-le-bois-pour-une-construction-decarbonee.jpg","type":"image\/jpeg"}],"twitter_card":"summary","twitter_misc":{"Dur\u00e9e de lecture estim\u00e9e":"12 minutes"},"schema":{"@context":"https:\/\/schema.org","@graph":[{"@type":"WebSite","@id":"https:\/\/www.piveteaubois.com\/fr\/#website","url":"https:\/\/www.piveteaubois.com\/fr\/","name":"PiveteauBois","description":"Piveteaubois sp\u00e9cialiste du bois depuis plus de 75 ans","potentialAction":[{"@type":"SearchAction","target":{"@type":"EntryPoint","urlTemplate":"https:\/\/www.piveteaubois.com\/fr\/?s={search_term_string}"},"query-input":"required name=search_term_string"}],"inLanguage":"fr-FR"},{"@type":"ImageObject","@id":"https:\/\/www.piveteaubois.com\/fr\/nos-produits\/fdes-et-donnees-environnementales#primaryimage","inLanguage":"fr-FR","url":"https:\/\/www.piveteaubois.com\/wp-content\/uploads\/2025\/01\/defis-re2020-le-bois-pour-une-construction-decarbonee.jpg","contentUrl":"https:\/\/www.piveteaubois.com\/wp-content\/uploads\/2025\/01\/defis-re2020-le-bois-pour-une-construction-decarbonee.jpg","width":524,"height":1109},{"@type":"WebPage","@id":"https:\/\/www.piveteaubois.com\/fr\/nos-produits\/fdes-et-donnees-environnementales#webpage","url":"https:\/\/www.piveteaubois.com\/fr\/nos-produits\/fdes-et-donnees-environnementales","name":"RE2020 : Le bois, cl\u00e9 d\u2019une construction bas carbone","isPartOf":{"@id":"https:\/\/www.piveteaubois.com\/fr\/#website"},"primaryImageOfPage":{"@id":"https:\/\/www.piveteaubois.com\/fr\/nos-produits\/fdes-et-donnees-environnementales#primaryimage"},"datePublished":"2023-06-27T09:40:21+00:00","dateModified":"2025-03-17T16:23:57+00:00","description":"D\u00e9couvrez comment le bois, mat\u00e9riau biosourc\u00e9 et local, devient un levier incontournable pour r\u00e9pondre aux exigences de la RE2020 et d\u00e9carboner la construction.","breadcrumb":{"@id":"https:\/\/www.piveteaubois.com\/fr\/nos-produits\/fdes-et-donnees-environnementales#breadcrumb"},"inLanguage":"fr-FR","potentialAction":[{"@type":"ReadAction","target":["https:\/\/www.piveteaubois.com\/fr\/nos-produits\/fdes-et-donnees-environnementales"]}]},{"@type":"BreadcrumbList","@id":"https:\/\/www.piveteaubois.com\/fr\/nos-produits\/fdes-et-donnees-environnementales#breadcrumb","itemListElement":[{"@type":"ListItem","position":1,"name":"Accueil","item":"https:\/\/www.piveteaubois.com\/fr"},{"@type":"ListItem","position":2,"name":"Nos produits","item":"https:\/\/www.piveteaubois.com\/fr\/nos-produits"},{"@type":"ListItem","position":3,"name":"D\u00e9fis RE2020 : Le bois, levier pour une construction d\u00e9carbon\u00e9e"}]}]}},"_links":{"self":[{"href":"https:\/\/www.piveteaubois.com\/fr\/wp-json\/wp\/v2\/pages\/5832"}],"collection":[{"href":"https:\/\/www.piveteaubois.com\/fr\/wp-json\/wp\/v2\/pages"}],"about":[{"href":"https:\/\/www.piveteaubois.com\/fr\/wp-json\/wp\/v2\/types\/page"}],"author":[{"embeddable":true,"href":"https:\/\/www.piveteaubois.com\/fr\/wp-json\/wp\/v2\/users\/2"}],"replies":[{"embeddable":true,"href":"https:\/\/www.piveteaubois.com\/fr\/wp-json\/wp\/v2\/comments?post=5832"}],"version-history":[{"count":74,"href":"https:\/\/www.piveteaubois.com\/fr\/wp-json\/wp\/v2\/pages\/5832\/revisions"}],"predecessor-version":[{"id":6841,"href":"https:\/\/www.piveteaubois.com\/fr\/wp-json\/wp\/v2\/pages\/5832\/revisions\/6841"}],"up":[{"embeddable":true,"href":"https:\/\/www.piveteaubois.com\/fr\/wp-json\/wp\/v2\/pages\/315"}],"wp:featuredmedia":[{"embeddable":true,"href":"https:\/\/www.piveteaubois.com\/fr\/wp-json\/wp\/v2\/media\/6674"}],"wp:attachment":[{"href":"https:\/\/www.piveteaubois.com\/fr\/wp-json\/wp\/v2\/media?parent=5832"}],"curies":[{"name":"wp","href":"https:\/\/api.w.org\/{rel}","templated":true}]}}